{"id":50448,"date":"2020-04-30T10:07:46","date_gmt":"2020-04-30T08:07:46","guid":{"rendered":"https:\/\/www.tomajazz.com\/web\/?page_id=50448"},"modified":"2020-06-29T11:49:24","modified_gmt":"2020-06-29T09:49:24","slug":"proximamente-en-tomajazz","status":"publish","type":"page","link":"https:\/\/tomajazz.com\/web\/proximamente-en-tomajazz\/","title":{"rendered":"Pr\u00f3ximamente en Tomajazz&#8230; [Agenda]"},"content":{"rendered":"<p><img loading=\"lazy\" decoding=\"async\" class=\"size-large wp-image-50449 alignleft\" src=\"https:\/\/tomajazz.com\/web\/wp-content\/uploads\/2020\/04\/Tomajazz_pantallazo-2020_04_30-380x600.jpg\" alt=\"\" width=\"380\" height=\"600\" title=\"\" srcset=\"https:\/\/tomajazz.com\/web\/wp-content\/uploads\/2020\/04\/Tomajazz_pantallazo-2020_04_30-380x600.jpg 380w, https:\/\/tomajazz.com\/web\/wp-content\/uploads\/2020\/04\/Tomajazz_pantallazo-2020_04_30-190x300.jpg 190w, https:\/\/tomajazz.com\/web\/wp-content\/uploads\/2020\/04\/Tomajazz_pantallazo-2020_04_30-35x55.jpg 35w, https:\/\/tomajazz.com\/web\/wp-content\/uploads\/2020\/04\/Tomajazz_pantallazo-2020_04_30.jpg 497w\" sizes=\"auto, (max-width: 380px) 100vw, 380px\" \/>Pr\u00f3ximamente en Tomajazz&#8230; o una agenda de lo que vendr\u00e1&#8230;<\/p>\n<p><strong>Semana del 29 de junio al 5 de julio de 2020.\u00a0<\/strong><\/p>\n<p>En una semana ya a pleno rendimiento, est\u00e1 previsto lo siguiente: un nuevo cap\u00edtulo de La Odisea de la M\u00fasica Afroamericana de Luis Escalante Ozalla, dedicado al enorme Lee Morgan. Un nuevo monogr\u00e1fico de Joan Cort\u00e8s en INSTANTZZ dedicado a&#8230; (pr\u00f3ximamente en su monitor). Distintas noticias (de especial inter\u00e9s para m\u00fasicos en particular y aficionados en general). Tambi\u00e9n las rese\u00f1as de los nuevos discos de Kurt Rosenwinkel y Rub\u00e9n Reinaldo &#8211; Kely Garc\u00eda Guitarra Jazz D\u00fao. Y un poco m\u00e1s adelante lo nuevo de Rudresh Mahanthappa&#8230; y m\u00e1s contenidos pr\u00f3ximamente.<\/p>\n<hr \/>\n<p>Aqu\u00ed va una pausa, un par\u00f3n por distintos motivos&#8230;<\/p>\n<hr \/>\n<p><strong>Semana del 25 al 31 de mayo de 2020.<\/strong><\/p>\n<ul>\n<li>La Odisea de la M\u00fasica Afroamericana de Luis Escalante el lunes 25 de mayo.<\/li>\n<li>INSTANTZZ de Joan Cort\u00e8s el martes 26 y el jueves 28 de mayo.<\/li>\n<li>JazzX5 a lo largo de la semana&#8230;<\/li>\n<li>Y algunas cosas m\u00e1s&#8230;<\/li>\n<\/ul>\n<p><strong>Semana del 18 al 24 de mayo de 2020.<\/strong><\/p>\n<ul>\n<li>Entrevista con K Quintet por Juan F. Trillo.<\/li>\n<li>La Odisea de la M\u00fasica Afroamericana de Luis Escalante Ozalla. Lunes 18 de mayo.<\/li>\n<li>INSTANTZZ de Joan Cort\u00e8s el martes 19 y jueves 21 de mayo.<\/li>\n<li>JazzX5 a lo largo de la semana.<\/li>\n<li>Noticias&#8230;<\/li>\n<\/ul>\n<p><strong>Semana del 4 al 10 de mayo de 2020.<\/strong><\/p>\n<ul>\n<li>Gary Husband &amp; Markus Reuter: <em>Music Of Our Times<\/em> <a href=\"https:\/\/tomajazz.com\/web\/?p=50524\">https:\/\/tomajazz.com\/web\/?p=50524<\/a><\/li>\n<li>Juan Vinuesa Quartet: <em>Blue Shots From Chicago <\/em>https:\/\/tomajazz.com\/web\/?p=50529<\/li>\n<li>Entrevista con Ram\u00f3n L\u00f3pez. https:\/\/tomajazz.com\/web\/?p=50519<\/li>\n<li>Martes y jueves INSTANTZZ de Joan Cort\u00e8s\n<ul>\n<li>Javier Mas &amp; Mario Mas \u201cA los toques barberos \/ homenaje a Manolo de Huelva y Javier Molina\u201d <a href=\"https:\/\/tomajazz.com\/web\/?p=50534\" target=\"_blank\" rel=\"noopener noreferrer\">https:\/\/tomajazz.com\/web\/?p=50534<\/a><\/li>\n<\/ul>\n<\/li>\n<li>La Odisea de la M\u00fasica Afroamericana de Luis Escalante Ozalla dedicado a Jimmy Smith y Cannonball Adderley. <a href=\"https:\/\/tomajazz.com\/web\/?p=50511\">https:\/\/tomajazz.com\/web\/?p=50511<\/a><\/li>\n<li>JazzX5: final del especial dedicado a \u00abQuestion and Answer\u00bb, novedades y alg\u00fan tema cl\u00e1sico.<\/li>\n<\/ul>\n<p><strong>Semana del 27 de abril al 3 de mayo de 2020.<\/strong><\/p>\n<ul>\n<li>Art\u00edculo sobre Charles Lloyd <a href=\"https:\/\/tomajazz.com\/web\/?p=50466\" target=\"_blank\" rel=\"noopener noreferrer\">https:\/\/tomajazz.com\/web\/?p=50466<\/a><\/li>\n<li>JazzX5 especial \u00abQuestion and Answer\u00bb <a href=\"https:\/\/tomajazz.com\/web\/?cat=24659\" target=\"_blank\" rel=\"noopener noreferrer\">https:\/\/tomajazz.com\/web\/?cat=24659<\/a><\/li>\n<li>Celebraci\u00f3n de El D\u00eda Internacional del Jazz con una instant\u00e1nea de Jos\u00e9 Luis Luna Rocafort <a href=\"https:\/\/tomajazz.com\/web\/?p=50459\" target=\"_blank\" rel=\"noopener noreferrer\">https:\/\/tomajazz.com\/web\/?p=50459<\/a><\/li>\n<li>Martes y jueves INSTANTZZ de Joan Cort\u00e8s<\/li>\n<li>La Odisea de la M\u00fasica Afroamericana de Luis Escalante Ozalla<\/li>\n<li>Du\u0161an Jevtovi\u0107: <em>If You See Me <\/em><a href=\"https:\/\/tomajazz.com\/web\/?p=50398\" target=\"_blank\" rel=\"noopener noreferrer\">https:\/\/tomajazz.com\/web\/?p=50398<\/a><\/li>\n<li>Como cada d\u00eda 1 de mes la \u00abNota de Humor by Kuto\u00bb <a href=\"https:\/\/tomajazz.com\/web\/?p=50442\" target=\"_blank\" rel=\"noopener noreferrer\">https:\/\/tomajazz.com\/web\/?p=50442<\/a><\/li>\n<\/ul>\n<p>&nbsp;<\/p>\n","protected":false},"excerpt":{"rendered":"<p>Pr\u00f3ximamente en Tomajazz&#8230; o una agenda de lo que vendr\u00e1&#8230; Semana del 29 de junio al 5 de julio de 2020.\u00a0 En una semana ya a pleno rendimiento, est\u00e1 previsto lo siguiente: un nuevo cap\u00edtulo de La Odisea de la M\u00fasica Afroamericana de Luis Escalante Ozalla, dedicado al enorme Lee<span class=\"more-link\"><a href=\"https:\/\/tomajazz.com\/web\/proximamente-en-tomajazz\/\">Contin\u00faa leyendo<\/a><\/span><\/p>\n","protected":false},"author":1,"featured_media":50449,"parent":0,"menu_order":0,"comment_status":"closed","ping_status":"closed","template":"","meta":{"jetpack_post_was_ever_published":false,"footnotes":""},"class_list":["entry","author-pachi","post-50448","page","type-page","status-publish","has-post-thumbnail"],"jetpack_likes_enabled":true,"jetpack_sharing_enabled":true,"jetpack-related-posts":[{"id":37000,"url":"https:\/\/tomajazz.com\/web\/los-podcast-de-tomajazz-y-alrededores\/","url_meta":{"origin":50448,"position":0},"title":"Los podcast de Tomajazz&#8230; y alrededores","author":"Tomajazz","date":"30 mayo, 2018","format":false,"excerpt":"En Telegram puedes seguir todos los podcast que publicamos en Tomajazz https:\/\/t.me\/TomajazzPodcast Estos son algunos de los podcast\u00a0y programas de radio que se emiten y publican desde Tomajazz, y\/o que son realizados por algunos de los colaboradores de Tomajazz: HDO: Hablando de O\u00eddas de Pachi Tapiz\u00a0\/\u00a0Para seguir HDO en Telegram\u2026","rel":"","context":"Entrada similar","block_context":{"text":"Entrada similar","link":""},"img":{"alt_text":"","src":"https:\/\/i0.wp.com\/tomajazz.com\/web\/wp-content\/uploads\/2018\/05\/Los-podcast-de-Tomajazz.png?resize=350%2C200&ssl=1","width":350,"height":200},"classes":[]},{"id":4121,"url":"https:\/\/tomajazz.com\/web\/tomajazz-2-0\/","url_meta":{"origin":50448,"position":1},"title":"Tomajazz: un cuaderno de bit\u00e1cora&#8230; o algo parecido [Historia de Tomajazz AKA Qui\u00e9nes somos &#8211; Qu\u00e9 hacemos]","author":"Tomajazz","date":"28 enero, 2013","format":false,"excerpt":"\u00a0 Tomajazz y su cuaderno de bit\u00e1cora... las \u00faltimas novedades... 2026-03-31: \u00a1nos cambiamos de casa! (que no de alojamiento): como en Tomajazz somos muy apa\u00f1ados y hacemos de la necesidad virtud, aprovechando que ten\u00edamos que actualizar el sistema operativo del servidor, procedimos no s\u00f3lo a actualizar el sistema operativo, sino\u2026","rel":"","context":"Entrada similar","block_context":{"text":"Entrada similar","link":""},"img":{"alt_text":"Tomajazz: un cuaderno de bit\u00e1cora... o algo parecido [Historia de Tomajazz AKA Qui\u00e9nes somos - Qu\u00e9 hacemos] - Tomajazz","src":"https:\/\/i0.wp.com\/tomajazz.com\/web\/wp-content\/uploads\/2024\/11\/Esfera-Jazz-20241130-Tomajazz-Quienes-Somos.jpg?resize=350%2C200&ssl=1","width":350,"height":200,"srcset":"https:\/\/i0.wp.com\/tomajazz.com\/web\/wp-content\/uploads\/2024\/11\/Esfera-Jazz-20241130-Tomajazz-Quienes-Somos.jpg?resize=350%2C200&ssl=1 1x, https:\/\/i0.wp.com\/tomajazz.com\/web\/wp-content\/uploads\/2024\/11\/Esfera-Jazz-20241130-Tomajazz-Quienes-Somos.jpg?resize=525%2C300&ssl=1 1.5x"},"classes":[]},{"id":74718,"url":"https:\/\/tomajazz.com\/web\/especial-festivales-de-jazz-de-verano-de-2023\/","url_meta":{"origin":50448,"position":2},"title":"Especial Festivales de jazz de verano de 2023 en Espa\u00f1a [Especial Noticias de jazz]","author":"Tomajazz","date":"11 junio, 2023","format":false,"excerpt":"https:\/\/tomajazz.com\/web\/festivales-de-jazz\/ Para estar al tanto de los Festivales, Ciclos, Seminarios y Exposiciones de jazz, te recomendamos visitar la p\u00e1gina https:\/\/tomajazz.com\/web\/festivales-de-jazz\/ Los Festivales de jazz de verano de 2023 Una lista, no exhaustiva, aunque pretende ser lo m\u00e1s completa posible, de los Festivales de Jazz del verano de 2023 en Espa\u00f1a.\u2026","rel":"","context":"Entrada similar","block_context":{"text":"Entrada similar","link":""},"img":{"alt_text":"Especial Festivales de jazz de verano de 2023 en Espa\u00f1a [Especial Noticias de jazz] - Tomajazz 9.0","src":"https:\/\/i0.wp.com\/tomajazz.com\/web\/wp-content\/uploads\/2023\/06\/Caratulas-Festivales-de-Jazz-de-Verano-2023-01.jpg?resize=350%2C200&ssl=1","width":350,"height":200,"srcset":"https:\/\/i0.wp.com\/tomajazz.com\/web\/wp-content\/uploads\/2023\/06\/Caratulas-Festivales-de-Jazz-de-Verano-2023-01.jpg?resize=350%2C200&ssl=1 1x, https:\/\/i0.wp.com\/tomajazz.com\/web\/wp-content\/uploads\/2023\/06\/Caratulas-Festivales-de-Jazz-de-Verano-2023-01.jpg?resize=525%2C300&ssl=1 1.5x, https:\/\/i0.wp.com\/tomajazz.com\/web\/wp-content\/uploads\/2023\/06\/Caratulas-Festivales-de-Jazz-de-Verano-2023-01.jpg?resize=700%2C400&ssl=1 2x"},"classes":[]},{"id":78785,"url":"https:\/\/tomajazz.com\/web\/festivales-de-jazz\/","url_meta":{"origin":50448,"position":3},"title":"Los Festivales de jazz, Ciclos, Seminarios, Conciertos, Exposiciones y Eventos de jazz en Espa\u00f1a [Especial jazz en Espa\u00f1a]","author":"Tomajazz","date":"24 septiembre, 2023","format":false,"excerpt":"Especial Festivales de jazz... ciclos de jazz, seminarios... exposiciones... y m\u00e1s... Esta lista, no exhaustiva (aunque pretende ser lo m\u00e1s completa posible), intenta recopilar la informaci\u00f3n de los conciertos, Festivales de Jazz, Ciclos de jazz, Seminarios, Exposiciones, Conferencias y distintos eventos relacionados con el jazz que tendr\u00e1n lugar en Espa\u00f1a\u2026","rel":"","context":"Entrada similar","block_context":{"text":"Entrada similar","link":""},"img":{"alt_text":"Los Festivales de jazz, Ciclos, Seminarios, Conciertos, Exposiciones y Eventos de jazz en Espa\u00f1a - Tomajazz","src":"https:\/\/i0.wp.com\/tomajazz.com\/web\/wp-content\/uploads\/2024\/02\/Los-Festivales-de-jazz-Ciclos-Seminarios-Conciertos-Exposiciones-y-Eventos-de-jazz-en-Espana-collage-2024-02-Tomajazz-Noticias-2.jpg?resize=350%2C200&ssl=1","width":350,"height":200,"srcset":"https:\/\/i0.wp.com\/tomajazz.com\/web\/wp-content\/uploads\/2024\/02\/Los-Festivales-de-jazz-Ciclos-Seminarios-Conciertos-Exposiciones-y-Eventos-de-jazz-en-Espana-collage-2024-02-Tomajazz-Noticias-2.jpg?resize=350%2C200&ssl=1 1x, https:\/\/i0.wp.com\/tomajazz.com\/web\/wp-content\/uploads\/2024\/02\/Los-Festivales-de-jazz-Ciclos-Seminarios-Conciertos-Exposiciones-y-Eventos-de-jazz-en-Espana-collage-2024-02-Tomajazz-Noticias-2.jpg?resize=525%2C300&ssl=1 1.5x, https:\/\/i0.wp.com\/tomajazz.com\/web\/wp-content\/uploads\/2024\/02\/Los-Festivales-de-jazz-Ciclos-Seminarios-Conciertos-Exposiciones-y-Eventos-de-jazz-en-Espana-collage-2024-02-Tomajazz-Noticias-2.jpg?resize=700%2C400&ssl=1 2x"},"classes":[]},{"id":36894,"url":"https:\/\/tomajazz.com\/web\/politica-de-privacidad\/","url_meta":{"origin":50448,"position":4},"title":"Pol\u00edtica de privacidad","author":"Tomajazz","date":"25 mayo, 2018","format":false,"excerpt":"Qui\u00e9nes somos La direcci\u00f3n de nuestra web es: https:\/\/tomajazz.com\/web. Qu\u00e9 datos personales recogemos y por qu\u00e9 los recogemos Comentarios Cuando los visitantes dejan comentarios en la web, recopilamos los datos que se muestran en el formulario de comentarios, as\u00ed como la direcci\u00f3n IP del visitante y la cadena de agentes\u2026","rel":"","context":"Entrada similar","block_context":{"text":"Entrada similar","link":""},"img":{"alt_text":"","src":"","width":0,"height":0},"classes":[]}],"_links":{"self":[{"href":"https:\/\/tomajazz.com\/web\/wp-json\/wp\/v2\/pages\/50448","targetHints":{"allow":["GET"]}}],"collection":[{"href":"https:\/\/tomajazz.com\/web\/wp-json\/wp\/v2\/pages"}],"about":[{"href":"https:\/\/tomajazz.com\/web\/wp-json\/wp\/v2\/types\/page"}],"author":[{"embeddable":true,"href":"https:\/\/tomajazz.com\/web\/wp-json\/wp\/v2\/users\/1"}],"replies":[{"embeddable":true,"href":"https:\/\/tomajazz.com\/web\/wp-json\/wp\/v2\/comments?post=50448"}],"version-history":[{"count":19,"href":"https:\/\/tomajazz.com\/web\/wp-json\/wp\/v2\/pages\/50448\/revisions"}],"predecessor-version":[{"id":50963,"href":"https:\/\/tomajazz.com\/web\/wp-json\/wp\/v2\/pages\/50448\/revisions\/50963"}],"wp:featuredmedia":[{"embeddable":true,"href":"https:\/\/tomajazz.com\/web\/wp-json\/wp\/v2\/media\/50449"}],"wp:attachment":[{"href":"https:\/\/tomajazz.com\/web\/wp-json\/wp\/v2\/media?parent=50448"}],"curies":[{"name":"wp","href":"https:\/\/api.w.org\/{rel}","templated":true}]}}